{"id":108,"date":"2019-10-20T14:22:37","date_gmt":"2019-10-20T14:22:37","guid":{"rendered":"http:\/\/hsf93.de\/?page_id=108"},"modified":"2025-06-30T12:09:58","modified_gmt":"2025-06-30T12:09:58","slug":"gesch-vorstand","status":"publish","type":"page","link":"https:\/\/hsf93.de\/?page_id=108","title":{"rendered":"Vorstand"},"content":{"rendered":"\n<figure class=\"wp-block-image size-large is-style-default\"><img loading=\"lazy\" decoding=\"async\" width=\"1024\" height=\"571\" src=\"https:\/\/hsf93.de\/wp-content\/uploads\/2020\/04\/TorHSF-1024x571.png\" alt=\"\" class=\"wp-image-427\" srcset=\"https:\/\/hsf93.de\/wp-content\/uploads\/2020\/04\/TorHSF-1024x571.png 1024w, https:\/\/hsf93.de\/wp-content\/uploads\/2020\/04\/TorHSF-300x167.png 300w, https:\/\/hsf93.de\/wp-content\/uploads\/2020\/04\/TorHSF-768x428.png 768w, https:\/\/hsf93.de\/wp-content\/uploads\/2020\/04\/TorHSF.png 1341w\" sizes=\"auto, (max-width: 1024px) 100vw, 1024px\" \/><\/figure>\n\n\n\n<p class=\"has-text-align-center\"><a href=\"mailto:vorstand@hsf93.de\">vorstand@hsf93.de<\/a><\/p>\n\n\n\n<p><\/p>\n\n\n\n<p><\/p>\n\n\n\n<hr class=\"wp-block-separator has-css-opacity\"\/>\n\n\n\n<div class=\"wp-block-media-text alignwide has-media-on-the-right is-stacked-on-mobile\" style=\"grid-template-columns:auto 29%\"><div class=\"wp-block-media-text__content\">\n<p style=\"font-size:24px\">Otto Rabben<\/p>\n\n\n\n<p>1.  Vorsitzender<\/p>\n\n\n\n<p><a href=\"mailto:o.rabben@hsf93.de\">o.rabben@hsf93.de<\/a><\/p>\n<\/div><figure class=\"wp-block-media-text__media\"><img loading=\"lazy\" decoding=\"async\" width=\"263\" height=\"263\" src=\"http:\/\/hsf93.de\/wp-content\/uploads\/2020\/04\/rabbenotto2.jpg\" alt=\"\" class=\"wp-image-451 size-full\" srcset=\"https:\/\/hsf93.de\/wp-content\/uploads\/2020\/04\/rabbenotto2.jpg 263w, https:\/\/hsf93.de\/wp-content\/uploads\/2020\/04\/rabbenotto2-150x150.jpg 150w\" sizes=\"auto, (max-width: 263px) 100vw, 263px\" \/><\/figure><\/div>\n\n\n\n<hr class=\"wp-block-separator has-css-opacity\"\/>\n\n\n\n<div class=\"wp-block-media-text alignwide has-media-on-the-right is-stacked-on-mobile\" style=\"grid-template-columns:auto 29%\"><div class=\"wp-block-media-text__content\">\n<p style=\"font-size:24px\">Frank Sentis<\/p>\n\n\n\n<p>2. Vorsitzender<\/p>\n\n\n\n<p> <a href=\"http:\/\/hsf93.de\/wp-admin\/f.sentis@hsf93.de\">f.sentis@hsf93.de<\/a> <\/p>\n<\/div><figure class=\"wp-block-media-text__media\"><img loading=\"lazy\" decoding=\"async\" width=\"141\" height=\"141\" src=\"http:\/\/hsf93.de\/wp-content\/uploads\/2020\/04\/sentisfrank3.jpg\" alt=\"\" class=\"wp-image-452 size-full\"\/><\/figure><\/div>\n\n\n\n<hr class=\"wp-block-separator has-css-opacity\"\/>\n\n\n\n<p style=\"font-size:24px\"><\/p>\n\n\n\n<hr class=\"wp-block-separator has-css-opacity\"\/>\n\n\n\n<div class=\"wp-block-media-text alignwide has-media-on-the-right is-stacked-on-mobile\" style=\"grid-template-columns:auto 30%\"><div class=\"wp-block-media-text__content\">\n<p style=\"font-size:24px\">Petra Gobbers<\/p>\n\n\n\n<p>Stellvertretende Gesch\u00e4ftsf\u00fchrerin<\/p>\n\n\n\n<p><a href=\"mailto: p.gobbers@hsf93.de\">p.gobbers@hsf93.de<\/a><\/p>\n<\/div><figure class=\"wp-block-media-text__media\"><img loading=\"lazy\" decoding=\"async\" width=\"243\" height=\"243\" src=\"http:\/\/hsf93.de\/wp-content\/uploads\/2020\/06\/PetraGobbersHP.jpeg\" alt=\"\" class=\"wp-image-557 size-full\" srcset=\"https:\/\/hsf93.de\/wp-content\/uploads\/2020\/06\/PetraGobbersHP.jpeg 243w, https:\/\/hsf93.de\/wp-content\/uploads\/2020\/06\/PetraGobbersHP-150x150.jpeg 150w\" sizes=\"auto, (max-width: 243px) 100vw, 243px\" \/><\/figure><\/div>\n\n\n\n<hr class=\"wp-block-separator has-alpha-channel-opacity\"\/>\n\n\n\n<hr class=\"wp-block-separator has-css-opacity\"\/>\n\n\n\n<hr class=\"wp-block-separator has-alpha-channel-opacity\"\/>\n\n\n\n<p style=\"font-size:24px\">Holger Suchy<\/p>\n\n\n\n<p>Schriftf\u00fchrer<\/p>\n\n\n\n<p><a href=\"mailto: h.suchy@hsf93.de\">h.suchy@hsf93.de<\/a><\/p>\n","protected":false},"excerpt":{"rendered":"<p>vorstand@hsf93.de Otto Rabben 1. Vorsitzender o.rabben@hsf93.de Frank Sentis 2. Vorsitzender f.sentis@hsf93.de Petra Gobbers Stellvertretende Gesch\u00e4ftsf\u00fchrerin p.gobbers@hsf93.de Holger Suchy Schriftf\u00fchrer h.suchy@hsf93.de<\/p>\n","protected":false},"author":1,"featured_media":0,"parent":0,"menu_order":0,"comment_status":"closed","ping_status":"closed","template":"","meta":{"footnotes":""},"class_list":["post-108","page","type-page","status-publish","hentry"],"jetpack_sharing_enabled":true,"_links":{"self":[{"href":"https:\/\/hsf93.de\/index.php?rest_route=\/wp\/v2\/pages\/108","targetHints":{"allow":["GET"]}}],"collection":[{"href":"https:\/\/hsf93.de\/index.php?rest_route=\/wp\/v2\/pages"}],"about":[{"href":"https:\/\/hsf93.de\/index.php?rest_route=\/wp\/v2\/types\/page"}],"author":[{"embeddable":true,"href":"https:\/\/hsf93.de\/index.php?rest_route=\/wp\/v2\/users\/1"}],"replies":[{"embeddable":true,"href":"https:\/\/hsf93.de\/index.php?rest_route=%2Fwp%2Fv2%2Fcomments&post=108"}],"version-history":[{"count":25,"href":"https:\/\/hsf93.de\/index.php?rest_route=\/wp\/v2\/pages\/108\/revisions"}],"predecessor-version":[{"id":874,"href":"https:\/\/hsf93.de\/index.php?rest_route=\/wp\/v2\/pages\/108\/revisions\/874"}],"wp:attachment":[{"href":"https:\/\/hsf93.de\/index.php?rest_route=%2Fwp%2Fv2%2Fmedia&parent=108"}],"curies":[{"name":"wp","href":"https:\/\/api.w.org\/{rel}","templated":true}]}}